{"id":7922,"date":"2021-02-08T10:00:13","date_gmt":"2021-02-08T16:00:13","guid":{"rendered":"https:\/\/pxdev3.com\/IFRC2022\/?post_type=ajde_events&#038;p=7922"},"modified":"2021-02-08T10:00:13","modified_gmt":"2021-02-08T16:00:13","slug":"mindfulness-como-herramienta-para-promover-la-salud-mental","status":"publish","type":"ajde_events","link":"https:\/\/volunteeringredcross.org\/es\/events\/mindfulness-como-herramienta-para-promover-la-salud-mental\/","title":{"rendered":"Mindfulness como herramienta para promover la salud mental"},"content":{"rendered":"<table border=\"0\" cellspacing=\"0\" cellpadding=\"0\">\n<tbody>\n<tr>\n<td>\n<table border=\"0\" cellspacing=\"0\" cellpadding=\"0\" align=\"left\">\n<tbody>\n<tr>\n<td>\n<table border=\"0\" cellspacing=\"0\" cellpadding=\"0\" align=\"left\">\n<tbody>\n<tr>\n<td><strong>Objetivo:\u00a0<\/strong>Proveer el espacio de intercambio de conocimiento sobre el\u00a0mindfulness\u00a0como herramienta para mantener la salud mental.<br \/>\n<strong>Fecha:\u00a0<\/strong>jueves 18 de febrero de 2021<br \/>\n<strong>Hora:\u00a0<\/strong>10:00 am hora Panam\u00e1<br \/>\n<strong>Ponente:<\/strong>\u00a0Dra. Mar\u00eda Elena Mar\u00edn, M\u00e9dico Internista e Infect\u00f3logo\u00a0Directora de\u00a0Mindfulnesslatam<\/td>\n<\/tr>\n<\/tbody>\n<\/table>\n<\/td>\n<\/tr>\n<\/tbody>\n<\/table>\n<\/td>\n<\/tr>\n<\/tbody>\n<\/table>\n<p>&nbsp;<\/p>\n<table border=\"0\" cellspacing=\"0\" cellpadding=\"0\">\n<tbody>\n<tr>\n<td>\n<div align=\"center\">\n<table border=\"0\" cellspacing=\"0\" cellpadding=\"0\">\n<tbody>\n<tr>\n<td>\n<p style=\"text-align: center;\" align=\"center\"><a title=\"Reg\u00edstrate aqu\u00ed\" href=\"https:\/\/ifrc-org.zoom.us\/meeting\/register\/tJEpd-2vpzsvG9C84wrGe_6OtE2D-0kVvG7W\" target=\"_blank\" rel=\"noopener noreferrer\" data-auth=\"NotApplicable\"><b>Reg\u00edstrate aqu\u00ed<\/b><\/a><\/p>\n<\/td>\n<\/tr>\n<\/tbody>\n<\/table>\n<\/div>\n<\/td>\n<\/tr>\n<\/tbody>\n<\/table>\n<p style=\"text-align: center;\">\n<table class=\" aligncenter\" border=\"0\" cellspacing=\"0\" cellpadding=\"0\">\n<tbody>\n<tr>\n<td>\n<div align=\"center\">\n<table border=\"0\" cellspacing=\"0\" cellpadding=\"0\">\n<tbody>\n<tr>\n<td><\/td>\n<td>\n<table border=\"0\" cellspacing=\"0\" cellpadding=\"0\" align=\"left\">\n<tbody>\n<tr>\n<td>\n<table border=\"0\" cellspacing=\"0\" cellpadding=\"0\">\n<tbody>\n<tr>\n<td>\n<p align=\"center\">INSTRUCCIONES PARA INGRESAR:\n<\/p>\n<p>1. Descarga e instala la aplicaci\u00f3n Zoom.<br \/>\n2. Te sugerimos conectarte\u00a0con 15 minutos de anticipaci\u00f3n para probar tu equipo y conexi\u00f3n.<br \/>\n3. Reg\u00edstrate con tu nombre, apellido, organizaci\u00f3n, pa\u00eds y correo.<\/td>\n<\/tr>\n<\/tbody>\n<\/table>\n<\/td>\n<\/tr>\n<\/tbody>\n<\/table>\n<\/td>\n<\/tr>\n<\/tbody>\n<\/table>\n<\/div>\n<p>______________________________________________________________________________<\/p>\n<p>&nbsp;<\/p>\n<p>&nbsp;<\/p>\n<p>&nbsp;<\/p>\n<table border=\"0\" cellspacing=\"0\" cellpadding=\"0\">\n<tbody>\n<tr>\n<td>\n<table border=\"0\" cellspacing=\"0\" cellpadding=\"0\" align=\"left\">\n<tbody>\n<tr>\n<td>\n<table border=\"0\" cellspacing=\"0\" cellpadding=\"0\" align=\"left\">\n<tbody>\n<tr>\n<td><strong>Objective:\u00a0<\/strong>To provide a space for the exchange of knowledge about\u00a0mindfulness\u00a0as a tool to maintain mental health<br \/>\n<strong>Date:<\/strong>\u00a0Thursday, February 18, 2021<br \/>\n<strong>Time:\u00a0<\/strong>10:00 am Panama time<br \/>\n<strong>Speaker:\u00a0<\/strong>Dr. Mar\u00eda Elena Mar\u00edn, Internist and Infectious Diseases Physician, Director of\u00a0Mindfulnesslatam<\/td>\n<\/tr>\n<\/tbody>\n<\/table>\n<\/td>\n<\/tr>\n<\/tbody>\n<\/table>\n<\/td>\n<\/tr>\n<\/tbody>\n<\/table>\n<p>&nbsp;<\/p>\n<table border=\"0\" cellspacing=\"0\" cellpadding=\"0\">\n<tbody>\n<tr>\n<td>\n<div align=\"center\">\n<table border=\"0\" cellspacing=\"0\" cellpadding=\"0\">\n<tbody>\n<tr>\n<td>\n<p align=\"center\"><a title=\"Register here\" href=\"https:\/\/ifrc-org.zoom.us\/meeting\/register\/tJEpd-2vpzsvG9C84wrGe_6OtE2D-0kVvG7W\" target=\"_blank\" rel=\"noopener noreferrer\" data-auth=\"NotApplicable\"><b>Register here<\/b><\/a><\/p>\n<\/td>\n<\/tr>\n<\/tbody>\n<\/table>\n<\/div>\n<\/td>\n<\/tr>\n<\/tbody>\n<\/table>\n<p>&nbsp;<\/p>\n<table border=\"0\" cellspacing=\"0\" cellpadding=\"0\">\n<tbody>\n<tr>\n<td>\n<div align=\"center\">\n<table border=\"0\" cellspacing=\"0\" cellpadding=\"0\">\n<tbody>\n<tr>\n<td><\/td>\n<td>\n<table border=\"0\" cellspacing=\"0\" cellpadding=\"0\" align=\"left\">\n<tbody>\n<tr>\n<td>\n<table border=\"0\" cellspacing=\"0\" cellpadding=\"0\">\n<tbody>\n<tr>\n<td>\n<p align=\"center\">INSTRUCTIONS TO ENTER:<\/p>\n<p>1. Download and install the Zoom application.<br \/>\n2. We suggest you connect 15 minutes in advance to test your equipment and connection.<br \/>\n3. Register with your name, surname, organization, country and email.<\/td>\n<\/tr>\n<\/tbody>\n<\/table>\n<\/td>\n<\/tr>\n<\/tbody>\n<\/table>\n<\/td>\n<\/tr>\n<\/tbody>\n<\/table>\n<\/div>\n<\/td>\n<\/tr>\n<\/tbody>\n<\/table>\n<p>&nbsp;<\/p>\n<p>&nbsp;<\/p>\n<p>&nbsp;<\/p>\n<p><img fetchpriority=\"high\" decoding=\"async\" class=\"alignnone size-medium wp-image-7923\" src=\"https:\/\/volunteeringredcross.org\/wp-content\/uploads\/2021\/02\/8344dfce-a75a-4630-b371-f340e5c4a714-300x251.png\" alt=\"\" width=\"300\" height=\"251\" srcset=\"https:\/\/volunteeringredcross.org\/wp-content\/uploads\/2021\/02\/8344dfce-a75a-4630-b371-f340e5c4a714-300x251.png 300w, https:\/\/volunteeringredcross.org\/wp-content\/uploads\/2021\/02\/8344dfce-a75a-4630-b371-f340e5c4a714-768x644.png 768w, https:\/\/volunteeringredcross.org\/wp-content\/uploads\/2021\/02\/8344dfce-a75a-4630-b371-f340e5c4a714.png 940w\" sizes=\"(max-width: 300px) 100vw, 300px\" \/><\/td>\n<\/tr>\n<\/tbody>\n<\/table>\n","protected":false},"author":3603,"featured_media":7924,"menu_order":0,"comment_status":"closed","ping_status":"closed","template":"","meta":{"_acf_changed":false,"_bbp_topic_count":0,"_bbp_reply_count":0,"_bbp_total_topic_count":0,"_bbp_total_reply_count":0,"_bbp_voice_count":0,"_bbp_anonymous_reply_count":0,"_bbp_topic_count_hidden":0,"_bbp_reply_count_hidden":0,"_bbp_forum_subforum_count":0},"tags":[],"event_type":[957],"event_type_2":[],"class_list":["post-7922","ajde_events","type-ajde_events","status-publish","has-post-thumbnail","hentry","event_location-zoom","event_organizer-crepd","event_type-workshop"],"acf":[],"_links":{"self":[{"href":"https:\/\/volunteeringredcross.org\/es\/wp-json\/wp\/v2\/ajde_events\/7922","targetHints":{"allow":["GET"]}}],"collection":[{"href":"https:\/\/volunteeringredcross.org\/es\/wp-json\/wp\/v2\/ajde_events"}],"about":[{"href":"https:\/\/volunteeringredcross.org\/es\/wp-json\/wp\/v2\/types\/ajde_events"}],"author":[{"embeddable":true,"href":"https:\/\/volunteeringredcross.org\/es\/wp-json\/wp\/v2\/users\/3603"}],"replies":[{"embeddable":true,"href":"https:\/\/volunteeringredcross.org\/es\/wp-json\/wp\/v2\/comments?post=7922"}],"wp:featuredmedia":[{"embeddable":true,"href":"https:\/\/volunteeringredcross.org\/es\/wp-json\/wp\/v2\/media\/7924"}],"wp:attachment":[{"href":"https:\/\/volunteeringredcross.org\/es\/wp-json\/wp\/v2\/media?parent=7922"}],"wp:term":[{"taxonomy":"post_tag","embeddable":true,"href":"https:\/\/volunteeringredcross.org\/es\/wp-json\/wp\/v2\/tags?post=7922"},{"taxonomy":"event_type","embeddable":true,"href":"https:\/\/volunteeringredcross.org\/es\/wp-json\/wp\/v2\/event_type?post=7922"},{"taxonomy":"event_type_2","embeddable":true,"href":"https:\/\/volunteeringredcross.org\/es\/wp-json\/wp\/v2\/event_type_2?post=7922"}],"curies":[{"name":"wp","href":"https:\/\/api.w.org\/{rel}","templated":true}]}}