{"id":6735,"date":"2020-07-10T10:08:22","date_gmt":"2020-07-10T16:08:22","guid":{"rendered":"https:\/\/pxdev3.com\/IFRC2022\/?post_type=ajde_events&#038;p=6735"},"modified":"2020-07-10T10:08:22","modified_gmt":"2020-07-10T16:08:22","slug":"guia-de-atencion-diferenciada-en-salud-y-apoyo-psicosocial-a-poblaciones-migrantes","status":"publish","type":"ajde_events","link":"https:\/\/volunteeringredcross.org\/en\/events\/guia-de-atencion-diferenciada-en-salud-y-apoyo-psicosocial-a-poblaciones-migrantes\/","title":{"rendered":"Gu\u00eda de Atenci\u00f3n Diferenciada en Salud y Apoyo Psicosocial a poblaciones migrantes"},"content":{"rendered":"<p><span lang=\"ES-SV\">Objetivo: <\/span><\/p>\n<p><span lang=\"ES-SV\">Fortalecer la capacidad de las Sociedades Nacionales de la regi\u00f3n en materia de Apoyo Psicosocial, especialmente en las intervenciones direccionadas a la poblaci\u00f3n migrante. Descripci\u00f3n: Presentar el cap\u00edtulo de Apoyo Psicosocial de la gu\u00eda de atenci\u00f3n diferenciada en Salud y Apoyo Psicosocial a poblaci\u00f3n migrante, con el prop\u00f3sito de estandarizar y fortalecer los procesos de atenci\u00f3n en salud. As\u00ed mismo, el presente documento se desarroll\u00f3 en el marco de llamamiento regional de movilidad poblacional, siendo un ejercicio conjunto con la Unidad de Salud y con el apoyo del Centro de Referencia en Preparaci\u00f3n para Desastres (CREPD), la Agencia Europea de Ayuda Humanitaria (ECHO) y las Sociedades Nacionales. El contenido de la gu\u00eda est\u00e1 desarrollo en cuatro sesiones: 1. Conceptualizaci\u00f3n 2. Salud Mental y Apoyo Psicosocial en migraci\u00f3n 3. T\u00e9cnicas para el Apoyo e Intervenci\u00f3n Psicosocial a personas migrantes 4.\u00a0<\/span>Cuidado al personal interviniente<\/p>\n<p><b>Panelist Information:<\/b><\/p>\n<p>&nbsp;<\/p>\n<p>&nbsp;<\/p>\n<table class=\"x_MsoNormalTable\" style=\"height: 95px;\" border=\"0\" width=\"663\" cellspacing=\"1\" cellpadding=\"0\">\n<tbody>\n<tr>\n<td valign=\"top\">\n<p class=\"x_MsoNormal\"><span lang=\"ES-SV\">Maria Tallarico, Coordinadora Regional de Salud &#8211; Jos\u00e9 Felix Rodriguez, Coordinador Regional de Migraci\u00f3n, Inclusi\u00f3n Social y No Violencia &#8211; Linda Sanmarco, RIT Apoyo Psicosocial<\/span><\/p>\n<\/td>\n<\/tr>\n<\/tbody>\n<\/table>\n<table class=\"x_MsoNormalTable\" style=\"height: 156px;\" border=\"0\" width=\"656\" cellspacing=\"1\" cellpadding=\"0\">\n<tbody>\n<tr>\n<td>\n<p class=\"x_MsoNormal\"><strong>Cuando: <\/strong>Tuesday, July 7, 2020<\/p>\n<\/td>\n<\/tr>\n<tr>\n<td>\n<p class=\"x_MsoNormal\"><strong>Hora:<\/strong>\u00a0<strong>11:02 am<\/strong><\/p>\n<\/td>\n<td>\n<p class=\"x_MsoNormal\">Eastern Time (Panama, GMT-05:00)<\/p>\n<\/td>\n<\/tr>\n<tr>\n<td valign=\"top\" nowrap=\"nowrap\"><\/td>\n<td valign=\"top\"><\/td>\n<\/tr>\n<\/tbody>\n<\/table>\n<p><strong>Presetaci\u00f3n:\u00a0<\/strong><a href=\"https:\/\/volunteeringredcross.org\/wp-content\/uploads\/2020\/07\/lanzamiento-GuiaAPS-Migracion-2020.pdf\">lanzamiento GuiaAPS Migracion 2020<\/a><\/p>\n<p><strong>Grabaci\u00f3n:\u00a0\u00a0<\/strong><a href=\"https:\/\/ifrc-event.webex.com\/ifrc-event\/ldr.php?RCID=a87c4253cbc94ef9b3f3ad8260bbfd9b\">https:\/\/ifrc-event.webex.com\/ifrc-event\/ldr.php?RCID=a87c4253cbc94ef9b3f3ad8260bbfd9b<\/a><\/p>\n<p>&nbsp;<\/p>\n<table class=\"x_MsoNormalTable\" border=\"0\" width=\"224\" cellspacing=\"0\" cellpadding=\"0\">\n<tbody>\n<tr>\n<td valign=\"bottom\" nowrap=\"nowrap\" width=\"116\">\n<p class=\"x_MsoNormal\">Atendieron<\/p>\n<\/td>\n<td valign=\"bottom\" nowrap=\"nowrap\" width=\"109\">\n<p class=\"x_MsoNormal\" align=\"right\">129 personas<\/p>\n<\/td>\n<\/tr>\n<tr>\n<td valign=\"bottom\" nowrap=\"nowrap\" width=\"116\"><\/td>\n<td valign=\"bottom\" nowrap=\"nowrap\" width=\"109\"><\/td>\n<\/tr>\n<tr>\n<td valign=\"bottom\" nowrap=\"nowrap\" width=\"116\">\n<p class=\"x_MsoNormal\">Otro<\/p>\n<\/td>\n<td valign=\"bottom\" nowrap=\"nowrap\" width=\"109\">\n<p class=\"x_MsoNormal\" align=\"right\">1<\/p>\n<\/td>\n<\/tr>\n<tr>\n<td valign=\"bottom\" nowrap=\"nowrap\" width=\"116\">\n<p class=\"x_MsoNormal\">Male<\/p>\n<\/td>\n<td valign=\"bottom\" nowrap=\"nowrap\" width=\"109\">\n<p class=\"x_MsoNormal\" align=\"right\">40<\/p>\n<\/td>\n<\/tr>\n<tr>\n<td valign=\"bottom\" nowrap=\"nowrap\" width=\"116\">\n<p class=\"x_MsoNormal\">Female<\/p>\n<\/td>\n<td valign=\"bottom\" nowrap=\"nowrap\" width=\"109\">\n<p class=\"x_MsoNormal\" align=\"right\">88<\/p>\n<\/td>\n<\/tr>\n<tr>\n<td valign=\"bottom\" nowrap=\"nowrap\" width=\"116\"><\/td>\n<td valign=\"bottom\" nowrap=\"nowrap\" width=\"109\"><\/td>\n<\/tr>\n<tr>\n<td valign=\"bottom\" nowrap=\"nowrap\" width=\"116\">\n<p class=\"x_MsoNormal\">Se registraron<\/p>\n<\/td>\n<td valign=\"bottom\" nowrap=\"nowrap\" width=\"109\">\n<p class=\"x_MsoNormal\" align=\"right\">157 personas<\/p>\n<\/td>\n<\/tr>\n<tr>\n<td valign=\"bottom\" nowrap=\"nowrap\" width=\"116\">\n<p class=\"x_MsoNormal\">Paises atendidos<\/p>\n<\/td>\n<td valign=\"bottom\" nowrap=\"nowrap\" width=\"109\">\n<p class=\"x_MsoNormal\" align=\"right\">20<\/p>\n<\/td>\n<\/tr>\n<\/tbody>\n<\/table>\n<p class=\"x_MsoNormal\"><span lang=\"ES-SV\">\u00a0<\/span><\/p>\n<p>&nbsp;<\/p>\n","protected":false},"author":3603,"featured_media":6737,"menu_order":0,"comment_status":"closed","ping_status":"closed","template":"","meta":{"_acf_changed":false,"_bbp_topic_count":0,"_bbp_reply_count":0,"_bbp_total_topic_count":0,"_bbp_total_reply_count":0,"_bbp_voice_count":0,"_bbp_anonymous_reply_count":0,"_bbp_topic_count_hidden":0,"_bbp_reply_count_hidden":0,"_bbp_forum_subforum_count":0},"tags":[],"event_type":[930],"event_type_2":[],"class_list":["post-6735","ajde_events","type-ajde_events","status-publish","has-post-thumbnail","hentry","event_location-webex","event_organizer-crepd","event_type-webinar"],"acf":[],"_links":{"self":[{"href":"https:\/\/volunteeringredcross.org\/en\/wp-json\/wp\/v2\/ajde_events\/6735","targetHints":{"allow":["GET"]}}],"collection":[{"href":"https:\/\/volunteeringredcross.org\/en\/wp-json\/wp\/v2\/ajde_events"}],"about":[{"href":"https:\/\/volunteeringredcross.org\/en\/wp-json\/wp\/v2\/types\/ajde_events"}],"author":[{"embeddable":true,"href":"https:\/\/volunteeringredcross.org\/en\/wp-json\/wp\/v2\/users\/3603"}],"replies":[{"embeddable":true,"href":"https:\/\/volunteeringredcross.org\/en\/wp-json\/wp\/v2\/comments?post=6735"}],"wp:featuredmedia":[{"embeddable":true,"href":"https:\/\/volunteeringredcross.org\/en\/wp-json\/wp\/v2\/media\/6737"}],"wp:attachment":[{"href":"https:\/\/volunteeringredcross.org\/en\/wp-json\/wp\/v2\/media?parent=6735"}],"wp:term":[{"taxonomy":"post_tag","embeddable":true,"href":"https:\/\/volunteeringredcross.org\/en\/wp-json\/wp\/v2\/tags?post=6735"},{"taxonomy":"event_type","embeddable":true,"href":"https:\/\/volunteeringredcross.org\/en\/wp-json\/wp\/v2\/event_type?post=6735"},{"taxonomy":"event_type_2","embeddable":true,"href":"https:\/\/volunteeringredcross.org\/en\/wp-json\/wp\/v2\/event_type_2?post=6735"}],"curies":[{"name":"wp","href":"https:\/\/api.w.org\/{rel}","templated":true}]}}